{"id":512,"date":"2014-01-29T23:04:20","date_gmt":"2014-01-29T22:04:20","guid":{"rendered":"http:\/\/osp.slonsk.pl\/?page_id=512"},"modified":"2014-01-29T23:40:10","modified_gmt":"2014-01-29T22:40:10","slug":"przekazanie-sztandaru-dla-osp-slonsk","status":"publish","type":"page","link":"http:\/\/osp.slonsk.pl\/?page_id=512","title":{"rendered":"Przekazanie sztandaru dla OSP S\u0142o\u0144sk"},"content":{"rendered":"<p style=\"text-align: justify;\">\u00a0 \u00a0 \u00a0Dzie\u0144 11 czerwca 2009 r. to \u015awi\u0119to Bo\u017cego Cia\u0142a, ale tak\u017ce \u015bwi\u0119to spo\u0142eczno\u015bci stra\u017cak\u00f3w ochotnik\u00f3w Gminy S\u0142o\u0144sk, poniewa\u017c w tym dniu spo\u0142ecze\u0144stwo ofiarowa\u0142o sztandar dla OSP S\u0142o\u0144sk.<\/p>\n<p style=\"text-align: center;\"><a href=\"http:\/\/osp.slonsk.pl\/wp-content\/uploads\/2014\/01\/sztandar1.jpg\"><img loading=\"lazy\" decoding=\"async\" class=\"aligncenter  wp-image-501\" alt=\"sztandar foto 1\" src=\"http:\/\/osp.slonsk.pl\/wp-content\/uploads\/2014\/01\/sztandar1.jpg\" width=\"500\" height=\"606\" srcset=\"http:\/\/osp.slonsk.pl\/wp-content\/uploads\/2014\/01\/sztandar1.jpg 800w, http:\/\/osp.slonsk.pl\/wp-content\/uploads\/2014\/01\/sztandar1-247x300.jpg 247w\" sizes=\"auto, (max-width: 500px) 100vw, 500px\" \/><\/a> <a href=\"http:\/\/osp.slonsk.pl\/wp-content\/uploads\/2014\/01\/sztandar2.jpg\"><img loading=\"lazy\" decoding=\"async\" class=\"aligncenter  wp-image-502\" alt=\"sztandar foto 2\" src=\"http:\/\/osp.slonsk.pl\/wp-content\/uploads\/2014\/01\/sztandar2.jpg\" width=\"500\" height=\"606\" \/><\/a><\/p>\n<p style=\"text-align: justify;\">G\u0142owna impreza odby\u0142a si\u0119 o godz. 17<sup>00\u00a0 <\/sup>przed Ko\u015bcio\u0142em w S\u0142o\u0144sku. W uroczysto\u015bci uczestniczy\u0142y poczty sztandarowe Zespo\u0142u Szk\u00f3\u0142 w S\u0142o\u0144sku, Ko\u0142a \u0141owieckiego \u201eDzik\u201d w S\u0142o\u0144sku, Polskiego Stronnictwa Ludowego w S\u0142o\u0144sku, Pa\u0144stwowej Stra\u017cy Po\u017carnej w Sul\u0119cinie oraz orkiestra d\u0119ta OSP Groch\u00f3w, zaproszeni go\u015bcie, stra\u017cacy, spo\u0142ecze\u0144stwo z terenu Gminy S\u0142o\u0144sk. Dow\u00f3dca uroczysto\u015bci m\u0142odszy kapitan Zbigniew Czak z\u0142o\u017cy\u0142 meldunek o gotowo\u015bci pododdzia\u0142\u00f3w do uroczystego apelu druhnie Dyrektor El\u017cbiecie Polak z Oddzia\u0142u Wojew\u00f3dzkiego ZOSP RP w Zielonej G\u00f3rze, cz\u0142onka Rady G\u0142\u00f3wnej Zwi\u0105zku Ochotniczych Stra\u017cy Po\u017carnych w Warszawie.<\/p>\n<p style=\"text-align: justify;\">\u00a0 \u00a0 \u00a0Po powitaniu sformu\u0142owano szyk i Ksi\u0105dz Proboszcz J\u00f3zef Drozd wprowadzi\u0142 poczty sztandarowe do Ko\u015bcio\u0142a. Go\u015bci, stra\u017cak\u00f3w oraz miejscow\u0105 spo\u0142eczno\u015b\u0107 powita\u0142 W\u00f3jt Gminy S\u0142o\u0144sk pan Janusz Krzy\u015bk\u00f3w.<\/p>\n<p align=\"center\"><b>Wyst\u0105pienie W\u00f3jta Gminy S\u0142o\u0144sk pana Janusza Krzy\u015bk\u00f3w <i>(foto poni\u017cej)<\/i><\/b><i><\/i><\/p>\n<p align=\"center\"><a href=\"http:\/\/osp.slonsk.pl\/wp-content\/uploads\/2014\/01\/foto-1.jpg\"><img loading=\"lazy\" decoding=\"async\" class=\"aligncenter size-full wp-image-513\" alt=\"foto 1\" src=\"http:\/\/osp.slonsk.pl\/wp-content\/uploads\/2014\/01\/foto-1.jpg\" width=\"460\" height=\"411\" srcset=\"http:\/\/osp.slonsk.pl\/wp-content\/uploads\/2014\/01\/foto-1.jpg 460w, http:\/\/osp.slonsk.pl\/wp-content\/uploads\/2014\/01\/foto-1-300x268.jpg 300w\" sizes=\"auto, (max-width: 460px) 100vw, 460px\" \/><\/a><\/p>\n<p><b>\u00a0 \u00a0 \u00a0Szanowni go\u015bcie, Druhowie i Druhny z Ochotniczych Stra\u017cy Po\u017carnych, mieszka\u0144cy gminy S\u0142o\u0144sk. <\/b><\/p>\n<p style=\"text-align: justify;\">Serdecznie witam na uroczysto\u015bci zwi\u0105zanej z po\u015bwi\u0119ceniem i przekazaniem sztandaru dla Ochotniczej Stra\u017cy Po\u017carnej w S\u0142o\u0144sku.<\/p>\n<p style=\"text-align: justify;\">Jako gospodarz Gminy S\u0142o\u0144sk mam zaszczyt powita\u0107 na uroczysto\u015bci znamienitych go\u015bci, witam:<\/p>\n<ul style=\"text-align: justify;\">\n<li>\u00a0pani\u0105 Bo\u017cen\u0119 S\u0142awiak pos\u0142a na sejm RP Ziemi Lubuskiej<\/li>\n<li>pani\u0105 El\u017cbiet\u0119 Polak Dyrektora Biura Oddzia\u0142u Wojew\u00f3dzkiego Zwi\u0105zku Ochotniczych Stra\u017cy Po\u017carnych RP Wojew\u00f3dztwa Lubuskiego<\/li>\n<li>pana Stanis\u0142awa Kubiaka Starost\u0119 Powiatu Sul\u0119ci\u0144skiego i jednocze\u015bnie Prezesa Zarz\u0105du Oddzia\u0142u Powiatowego Zwi\u0105zku Ochotniczych Stra\u017cy Po\u017carnych RP Wojew\u00f3dztwa Lubuskiego<\/li>\n<li>Inspektora Miros\u0142awa Kruszelnickiego Komendanta Powiatowego Policji w Sul\u0119cinie<\/li>\n<li>Kapitana Bogdana \u015anie\u017cek Komendanta Powiatowego Pa\u0144stwowej Stra\u017cy Po\u017carnej w Sul\u0119cinie<\/li>\n<li>pana Dariusza Ejcharta Wice Starost\u0119 Powiatu Sul\u0119ci\u0144skiego<\/li>\n<li>Brygadiera Marka Harkota Zast\u0119pc\u0119 Komendanta Powiatowego Pa\u0144stwowej Stra\u017cy Po\u017carnej w Sul\u0119cinie<\/li>\n<li>pana Zbigniewa Czaka Kierownika Sekcji ds. Operacyjno &#8211; Szkoleniowych Pa\u0144stwowej Stra\u017cy Po\u017carnej w Sul\u0119cinie<\/li>\n<li>pana Ryszarda Lewaszkiewicza Prezesa Zarz\u0105du Oddzia\u0142u Gminnego Zwi\u0105zku Ochotniczych Stra\u017cy Po\u017carnych w S\u0142o\u0144sku<\/li>\n<li>Proboszcza Parafii pw. Matki Bo\u017cej Cz\u0119stochowskiej w S\u0142o\u0144sku Ksi\u0119dza J\u00f3zefa Drozda oraz ksi\u0119dza Jana Bagi\u0144skiego.<\/li>\n<li>pani\u0105 Lill\u0119 Burkiewicz Przewodnicz\u0105c\u0105 Rady Gminy S\u0142o\u0144sk oraz radnych Rady Gminy<\/li>\n<\/ul>\n<p style=\"text-align: justify;\">\u00a0Witam przedstawicieli instytucji i organizacji z terenu Wojew\u00f3dztwa i powiatu,\u00a0 witam\u00a0 pozosta\u0142ych go\u015bci przyby\u0142ych na uroczysto\u015b\u0107 oraz mieszka\u0144c\u00f3w gminy\u00a0 S\u0142o\u0144sk.<\/p>\n<p style=\"text-align: justify;\">\u00a0Witam r\u00f3wnie\u017c, a raczej przede wszystkim stra\u017cak\u00f3w Ochotniczej Stra\u017cy Po\u017carnej ze S\u0142o\u0144ska oraz z pozosta\u0142ych jednostek OSP z terenu gminy.<\/p>\n<p style=\"text-align: justify;\">\u00a0 \u00a0 \u00a0\u00a0<b>Szanowni pa\u0144stwo,<\/b><\/p>\n<p style=\"text-align: justify;\">Sztandar jest uhonorowaniem jednostki, docenieniem jej pracy na rzecz lokalnej spo\u0142eczno\u015bci. Jest r\u00f3wnie\u017c niezaprzeczalnym dowodem Waszej postawy, sumiennej pracy, wysokiej sprawno\u015bci operacyjnej. Jest r\u00f3wnie\u017c wyrazem szacunku, uznania i zaufania spo\u0142ecznego.<\/p>\n<p style=\"text-align: justify;\">\u00a0 \u00a0 \u00a0\u00a0<b>Druhowie<\/b><\/p>\n<p style=\"text-align: justify;\">Przez niemal 60 lat pe\u0142nicie s\u0142u\u017cb\u0119 chroni\u0105c naszego \u017cycia, zdrowia i mienia, niejednokrotnie z nara\u017ceniem \u017cycia w\u0142asnego.<\/p>\n<p style=\"text-align: justify;\">Doceniaj\u0105c zaanga\u017cowanie i po\u015bwi\u0119cenie samorz\u0105d Gminy S\u0142o\u0144sk postanowi\u0142 ufundowa\u0107 ten sztandar dla Waszej jednostki, jako wyraz wdzi\u0119czno\u015bci za po\u015bwi\u0119cenie czasu i umiej\u0119tno\u015bci\u00a0 oraz zaanga\u017cowanie w ratowanie \u017cycia ludzkiego. Ten niew\u0105tpliwy zaszczyt i wyr\u00f3\u017cnienie jednostki niech b\u0119dzie dla was motorem do dalszej s\u0142u\u017cby, pe\u0142nej niebezpiecze\u0144stw. \u017bycz\u0119 Wam, aby s\u0142u\u017cba by\u0142a \u017ar\u00f3d\u0142em osobistej satysfakcji i spo\u0142ecznego uznania, \u017cycz\u0119 zdrowia, szcz\u0119\u015bcia, wszelkiej pomy\u015blno\u015bci w \u017cyciu osobistym oraz zawsze szcz\u0119\u015bliwych powrot\u00f3w z akcji.<\/p>\n<p style=\"text-align: justify;\">Dodam r\u00f3wnie\u017c, \u017ce fundatorami sztandaru s\u0105 tak\u017ce przedstawiciele spo\u0142eczno\u015bci lokalnej, kt\u00f3rym sk\u0142adam serdeczne podzi\u0119kowanie za pomoc w zakupie sztandaru.<\/p>\n<p style=\"text-align: justify;\">Dzi\u0119kuj\u0119 wszystkim przyby\u0142ym na dzisiejsz\u0105 uroczysto\u015b\u0107, zapraszam do wsp\u00f3lnego jej prze\u017cywania oraz \u017cycz\u0119 mi\u0142ego pobytu w naszej gminie.<\/p>\n<p style=\"text-align: left;\" align=\"right\"><b>Dzi\u0119kuj\u0119<\/b><\/p>\n<p style=\"text-align: justify;\" align=\"center\">\u00a0 \u00a0 Nast\u0119pnie po\u015bwi\u0119cenia sztandaru dokona\u0142 ksi\u0105dz proboszcz J\u00f3zef Drozd. Po po\u015bwi\u0119ceniu W\u00f3jt Gminy pan Janusz Krzy\u015bk\u00f3w wraz z Przewodnicz\u0105c\u0105 Rady Gminy pani\u0105 Lill\u0105 Burkiewicz w imieniu spo\u0142ecze\u0144stwa przekazali sztandar Prezes\u00f3w OSP w S\u0142o\u0144sku Druhowi Kazimierzowi Gruchalskiemu, kt\u00f3ry nast\u0119pnie przekaza\u0142 w r\u0119ce pocztu sztandarowego. Trzymaj\u0105cy pochyla sztandar, druhowie z OSP S\u0142o\u0144sk podchodz\u0105, kl\u0119kaj\u0105 na prawe kolano i praw\u0105 r\u0119k\u0105 ujmuj\u0105 p\u0142at sztandaru, podnosz\u0105c go do ust i ca\u0142uj\u0105c, w ten spos\u00f3b oddaj\u0105 ho\u0142d sztandarowi. Nast\u0119pnie Ksi\u0105dz Proboszcz w asy\u015bcie Ksi\u0119dza Wikarego odprawi\u0142 Msz\u0119 \u015awi\u0119ta w intencji stra\u017cak\u00f3w.<\/p>\n<p>Po zako\u0144czeniu Mszy \u015awi\u0119tej g\u0142os zabra\u0142 Prezes Oddzia\u0142u Gminnego ZOSP RP druh Ryszard Lewaszkiewicz.<\/p>\n<p align=\"center\"><b>Wyst\u0105pienie pana Ryszarda Lewaszkiewicz (foto poni\u017cej)<br \/>\n<a href=\"http:\/\/osp.slonsk.pl\/wp-content\/uploads\/2014\/01\/foto-2.jpg\"><img loading=\"lazy\" decoding=\"async\" class=\"aligncenter size-full wp-image-514\" alt=\"foto 2\" src=\"http:\/\/osp.slonsk.pl\/wp-content\/uploads\/2014\/01\/foto-2.jpg\" width=\"460\" height=\"353\" srcset=\"http:\/\/osp.slonsk.pl\/wp-content\/uploads\/2014\/01\/foto-2.jpg 460w, http:\/\/osp.slonsk.pl\/wp-content\/uploads\/2014\/01\/foto-2-300x230.jpg 300w\" sizes=\"auto, (max-width: 460px) 100vw, 460px\" \/><\/a><\/b><\/p>\n<p style=\"text-align: justify;\">\u00a0 \u00a0 \u00a0<b>Czcigodny Ksi\u0119\u017ce Proboszczu, Ksi\u0119\u017ce Janie, Szanowne Druhny, Druhowie, funkcjonariusze Pa\u0144stwowej Stra\u017cy Po\u017carnej, zaproszeni go\u015bcie, szanowni pa\u0144stwo.<\/b><\/p>\n<p style=\"text-align: justify;\">Dzisiejszy dzie\u0144 dla Stra\u017cak\u00f3w Gminy S\u0142o\u0144sk jest wielkim \u015bwi\u0119tem, zostali\u015bmy docenieni za to jak wa\u017cn\u0105 rol\u0119 w spo\u0142ecze\u0144stwie odgrywa Ochotnicza Stra\u017c Po\u017carna, anga\u017cuj\u0105c si\u0119 czynnie w ochron\u0119 \u017cycia, zdrowia, mienia, \u015brodowiska, tradycji, kultury narodowej.<\/p>\n<p style=\"text-align: justify;\">Okres 60 lat dzia\u0142alno\u015bci OSP w S\u0142o\u0144sku to szmat czasu, w tym dniu wypada powiedzie\u0107 par\u0119 s\u0142\u00f3w o tych, kt\u00f3rzy tworzyli t\u0119 jednostk\u0119. Nale\u017cy wspomnie\u0107, \u017ce jeste\u015bmy organizacj\u0105 spo\u0142eczn\u0105, kontynuuj\u0105c\u0105 dzia\u0142alno\u015b\u0107 tworzonych od 1863 r. tzw. dzielnicowych zwi\u0105zk\u00f3w stra\u017cy po\u017carnej. Kiedy po 1945 r. Ziemie Zachodnie wr\u00f3ci\u0142y do macierzy, rozpocz\u0105\u0142 si\u0119 okres zasiedlenia ludno\u015bci\u0105 miast i wsi. Na terenach wiejskich to ch\u0142opi pierwsi organizowali si\u0119, tworz\u0105c zal\u0105\u017cki jednostek ochronnych stra\u017cy po\u017carnych, \u017ceby w razie po\u017caru czy innego nieszcz\u0119\u015bcia by\u0107 gotowym do akcji. W naszej miejscowo\u015bci pierwszymi za\u0142o\u017cycielami jednostki byli druhowie: Koz\u0142owski, Adamowski, Cieciura Marian, Bara\u0144ski Jan, to dzi\u0119ki ich staraniom w dniu dzisiejszym obchodzimy rocznice 50 lecia. S\u0105 dzisiaj z nami organizacje, instytucje, z kt\u00f3rymi na co dzie\u0144 wsp\u00f3\u0142pracujemy, jest nam bardzo mi\u0142o, \u017ce jeste\u015bcie z nami, jest to dla nas wielkie wyr\u00f3\u017cnienie.<\/p>\n<p style=\"text-align: justify;\">Dzia\u0142acze ruchu ludowego \u201e Ch\u0142opi\u201d byli jednymi z pierwszych za\u0142o\u017cycieli struktur ochotniczych stra\u017cy po\u017carnych, to oni wnie\u015bli najlepsze warto\u015bci ruchu ludowego do naszego zwi\u0105zku. Dzi\u0119kuj\u0119 prezesowi i zarz\u0105d\u00f3w PSL w S\u0142o\u0144sku za udzia\u0142 wraz ze sztandarem w naszej uroczysto\u015bci. Dzi\u0119kuj\u0119 tak\u017ce Zarz\u0105dowi Ko\u0142a \u0141owieckiego \u201eDzik\u201d w S\u0142o\u0144sku, \u017ce tak\u017ce wraz ze sztandarem jeste\u015bcie z nami.<\/p>\n<p style=\"text-align: justify;\">Przebywaj\u0105c w kniei niejednokrotnie jeste\u015bcie pierwsi, kt\u00f3rzy zauwa\u017cacie powstanie po\u017caru, powiadamiacie stra\u017c, a sami cz\u0119sto podejmujecie akcje gaszenia. My stra\u017cacy chronimy lasy, aby b\u00f3r Wam darzy\u0142. \u201eDarz B\u00f3r\u201d Kolego Prezesie.<\/p>\n<p style=\"text-align: justify;\">My\u015bl\u0119, \u017ce ka\u017cdy ma\u0142y ch\u0142opiec marzy, aby zosta\u0107 stra\u017cakiem. Na potwierdzenie tego niech \u015bwiadczy fakt du\u017cego zainteresowania dzieci zabawkami o tematyce po\u017carniczej. Niewielki procent m\u0142odzie\u017cy realizuje swoje marzenia jako zawodowi funkcjonariusze Pa\u0144stwowej Stra\u017cy Po\u017carnej lub w ochotniczych jednostkach.<\/p>\n<p style=\"text-align: justify;\">W miar\u0119 dorastania czas weryfikuje marzenia, okazuje si\u0119 \u017ce bardzo trudno jest po\u015bwi\u0119ci\u0107 sw\u00f3j prywatny czas na szkolenia czy akcje bojowe dla ratowania \u017cycia, mienia, \u015brodowiska, innymi s\u0142owy za humanitarn\u0105, niezmiennie potrzebn\u0105 ludziom s\u0142u\u017cb\u0119. Dlatego bardzo wa\u017cna rol\u0119 w naszej dzia\u0142alno\u015bci odgrywa praca z m\u0142odzie\u017c\u0105. Z chwil\u0105 oddania do u\u017cytku remizy stra\u017cackiej i sali wiejskiej w jednym kompleksie, mamy bardzo dobre warunki do pracy z m\u0142odzie\u017c\u0105. Nasi druhowie wraz z nauczycielami prowadz\u0105 pogadanki, przygotowuj\u0105 m\u0142odzie\u017c do udzia\u0142u w turniejach po\u017carniczych. Obecnie jest og\u0142oszony otwarty konkurs plastyczny pt. \u201eZapobiegajmy po\u017carom\u201d. Praca malarska naszej uczennicy Gimnazjum w S\u0142o\u0144sku Jolanty Koralskiej w ubieg\u0142ej edycji konkursu plastycznego zdoby\u0142a wyr\u00f3\u017cnienie na szczeblu wojew\u00f3dzkim. Dzi\u0119kuje Pani Dyrektor, nauczycielom za zainteresowanie m\u0142odzie\u017cy naszymi konkursami, a szczeg\u00f3lnie podzi\u0119kowania kieruj\u0119 do Pani Marioli Piecuch za ogromne zaanga\u017cowanie w przygotowanie m\u0142odzie\u017cy do konkurs\u00f3w. Dzi\u0119kuje Pani Dyrektor oraz m\u0142odzie\u017cy z pocztu sztandarowego za udzia\u0142 w dzisiejszej uroczysto\u015bci.<\/p>\n<p style=\"text-align: justify;\"><b>\u00a0 \u00a0 \u00a0Szanowni Pa\u0144stwo<\/b><\/p>\n<p style=\"text-align: justify;\">Dzisiejsza stra\u017c to profesjonalny, nowoczesny sprz\u0119t, to system powiadamiania, kierowania akcjami. Aby wszystko funkcjonowa\u0142o do tego niezb\u0119dny jest potencja\u0142 ludzki. Obecnie stra\u017cacy bior\u0105 udzia\u0142 w po\u017carach, powodziach, usuwaniu kl\u0119sk \u017cywio\u0142owych, katastrof ekologicznych, wypadk\u00f3w drogowych, a tak\u017ce dzia\u0142aniach profilaktycznych i dydaktycznych. Dzisiejsi funkcjonariusze Pa\u0144stwowej Stra\u017cy Po\u017carnej to profesjonali\u015bci w r\u00f3\u017cnych zawodach od pilarza do ratownika medycznego. My ochotnicy wspieramy Was w tych dzia\u0142aniach. Prowadzicie szkolenia naszych ochotnik\u00f3w, przekazuj\u0105c im wiedz\u0119, do\u015bwiadczenie a tak\u017ce sprz\u0119t, kt\u00f3rego tak\u017ce nie macie w nadmiarze.<\/p>\n<p style=\"text-align: justify;\">Druhu Komendancie Pa\u0144stwowej Stra\u017cy Po\u017carnej w Sul\u0119cinie prosz\u0119 przyj\u0105\u0107 podzi\u0119kowania za wspania\u0142\u0105 wsp\u00f3\u0142prac\u0119 z Panem i funkcjonariuszami komendy z naszymi jednostkami. Cel mamy wsp\u00f3lny, niesienie pomocy potrzebuj\u0105cym. Dzi\u0119kuj\u0119, \u017ce jeste\u015bcie wraz ze sztandarem w tak wa\u017cnym dniu.<\/p>\n<p style=\"text-align: justify;\">Dzi\u0119kuj\u0119 m\u0142odszemu kapitanowi Zbyszkowi Czakowi za pomoc w przygotowaniu dzisiejszej imprezy. Dzi\u0119kuj\u0119 tak\u017ce Druhnie El\u017cbiecie Polak, dyrektorowi Oddzia\u0142u Wojew\u00f3dzkiego ZOSP w Zielonej G\u00f3rze w wspieraniu naszych zamierze\u0144 zakupu lekkiego samochodu oraz dofinansowania w sprz\u0119t ga\u015bniczy. Sztandar jest symbolem jedno\u015bci, powagi, wizyt\u00f3wk\u0105 naszej gminy, stra\u017cak\u00f3w i ca\u0142ej spo\u0142eczno\u015bci. W imieniu stra\u017cak\u00f3w dzi\u0119kujemy spo\u0142ecze\u0144stwu Gminy S\u0142o\u0144sk za wyr\u00f3\u017cnienie i ufundowanie nam sztandaru.<\/p>\n<p style=\"text-align: justify;\">Przed nami nowe mo\u017cliwo\u015bci, ale i te\u017c nowe wyzwania. Wierni tradycji powinni\u015bmy zachowa\u0107 dorobek poprzednich pokole\u0144, a jednocze\u015bnie w\u0142\u0105czy\u0107 si\u0119 w nurt przemian w trosce o lepsze jutro kolejnych pokole\u0144.<\/p>\n<p style=\"text-align: justify;\">Dzi\u0119kuj\u0119 Ksi\u0119dzu proboszczowi i Ksi\u0119dzu Janowi za odprawienie Mszy w intencji stra\u017cak\u00f3w.<\/p>\n<p style=\"text-align: justify;\">Niech \u015awi\u0119ty Florian- patron stra\u017cak\u00f3w, czuwa nad naszym bezpiecze\u0144stwem.<\/p>\n<p align=\"right\"><b>Dzi\u0119kuj\u0119 <\/b><\/p>\n<p style=\"text-align: justify;\">\u00a0 \u00a0 \u00a0\u00a0Na zako\u0144czenie g\u0142os zabra\u0142a Pani Pose\u0142 na Sejm RP Bo\u017cena S\u0142awiak, kt\u00f3ra jako pierwszy Starosta Sul\u0119ci\u0144ski tworzy\u0142a nowe struktury Ochotniczych Stra\u017cy Po\u017carnych. Pani Bo\u017cena wydatnie pomog\u0142a w doposa\u017ceniu w sprz\u0119t jednostk\u0119 OSP w S\u0142o\u0144sku, za co jej serdecznie dzi\u0119kujemy. Z\u0142o\u017cy\u0142a gratulacje stra\u017cakom za otrzymany sztandar oraz \u017cyczenia. Po wyprowadzeniu poczt\u00f3w sztandarowych sformu\u0142owano szyk i wraz z orkiestra d\u0119t\u0105 ulicami S\u0142o\u0144ska przemaszerowano pod Restauracj\u0119 S\u0142owia\u0144sk\u0105, gdzie odby\u0142a si\u0119 biesiada oraz wpisy do \u201e Ksi\u0119gi Honorowej Sztandaru\u201d.<\/p>\n<p align=\"right\"><b>Prezes Zarz\u0105du ZOSP RP w S\u0142o\u0144sku Druh Ryszard Lewaszkiewicz<\/b><\/p>\n<p align=\"right\"><b>\u00a0<\/b><\/p>\n<p align=\"center\"><b>Fotorelacja z uroczysto\u015bci<br \/>\n<\/b><i><a href=\"http:\/\/osp.slonsk.pl\/wp-content\/uploads\/2014\/01\/foto-3.jpg\"><img loading=\"lazy\" decoding=\"async\" class=\"aligncenter size-full wp-image-515\" alt=\"foto 3\" src=\"http:\/\/osp.slonsk.pl\/wp-content\/uploads\/2014\/01\/foto-3.jpg\" width=\"460\" height=\"338\" srcset=\"http:\/\/osp.slonsk.pl\/wp-content\/uploads\/2014\/01\/foto-3.jpg 460w, http:\/\/osp.slonsk.pl\/wp-content\/uploads\/2014\/01\/foto-3-300x220.jpg 300w\" sizes=\"auto, (max-width: 460px) 100vw, 460px\" \/><\/a>poczty sztandarowe i druhowie na uroczystym apelu<br \/>\n<\/i><i><a href=\"http:\/\/osp.slonsk.pl\/wp-content\/uploads\/2014\/01\/foto-4.jpg\"><img loading=\"lazy\" decoding=\"async\" class=\"aligncenter size-full wp-image-516\" alt=\"foto 4\" src=\"http:\/\/osp.slonsk.pl\/wp-content\/uploads\/2014\/01\/foto-4.jpg\" width=\"460\" height=\"347\" srcset=\"http:\/\/osp.slonsk.pl\/wp-content\/uploads\/2014\/01\/foto-4.jpg 460w, http:\/\/osp.slonsk.pl\/wp-content\/uploads\/2014\/01\/foto-4-300x226.jpg 300w\" sizes=\"auto, (max-width: 460px) 100vw, 460px\" \/><\/a>z\u0142o\u017cenie meldunku o gotowo\u015bci pooddzia\u0142\u00f3w do uroczystego apelu druhnie dyrektor El\u017cbiecie Polak przez dow\u00f3dc\u0119 uroczysto\u015bci m\u0142odszego kapitana Zbigniewa Czak<br \/>\n<a href=\"http:\/\/osp.slonsk.pl\/wp-content\/uploads\/2014\/01\/foto-5.jpg\"><img loading=\"lazy\" decoding=\"async\" class=\"aligncenter size-full wp-image-517\" alt=\"foto 5\" src=\"http:\/\/osp.slonsk.pl\/wp-content\/uploads\/2014\/01\/foto-5.jpg\" width=\"460\" height=\"324\" srcset=\"http:\/\/osp.slonsk.pl\/wp-content\/uploads\/2014\/01\/foto-5.jpg 460w, http:\/\/osp.slonsk.pl\/wp-content\/uploads\/2014\/01\/foto-5-300x211.jpg 300w\" sizes=\"auto, (max-width: 460px) 100vw, 460px\" \/><\/a><\/i><i>uroczyste wprowadzenie druh\u00f3w i zaproszonych go\u015bci przez Ksi\u0119dza J\u00f3zefa Drozda i ksi\u0119dza Jana Bagi\u0144skiego<br \/>\n<\/i><i><a href=\"http:\/\/osp.slonsk.pl\/wp-content\/uploads\/2014\/01\/foto-6.jpg\"><img loading=\"lazy\" decoding=\"async\" class=\"aligncenter size-full wp-image-518\" alt=\"foto 6\" src=\"http:\/\/osp.slonsk.pl\/wp-content\/uploads\/2014\/01\/foto-6.jpg\" width=\"460\" height=\"330\" srcset=\"http:\/\/osp.slonsk.pl\/wp-content\/uploads\/2014\/01\/foto-6.jpg 460w, http:\/\/osp.slonsk.pl\/wp-content\/uploads\/2014\/01\/foto-6-300x215.jpg 300w\" sizes=\"auto, (max-width: 460px) 100vw, 460px\" \/><\/a>zaproszeni go\u015bcie i druhowie<br \/>\n<a href=\"http:\/\/osp.slonsk.pl\/wp-content\/uploads\/2014\/01\/foto-7.jpg\"><img loading=\"lazy\" decoding=\"async\" class=\"aligncenter size-full wp-image-519\" alt=\"foto 7\" src=\"http:\/\/osp.slonsk.pl\/wp-content\/uploads\/2014\/01\/foto-7.jpg\" width=\"460\" height=\"309\" srcset=\"http:\/\/osp.slonsk.pl\/wp-content\/uploads\/2014\/01\/foto-7.jpg 460w, http:\/\/osp.slonsk.pl\/wp-content\/uploads\/2014\/01\/foto-7-300x201.jpg 300w\" sizes=\"auto, (max-width: 460px) 100vw, 460px\" \/><\/a><\/i><i>zaproszeni go\u015bcie i druhowie<br \/>\n<a href=\"http:\/\/osp.slonsk.pl\/wp-content\/uploads\/2014\/01\/foto-8.jpg\"><img loading=\"lazy\" decoding=\"async\" class=\"aligncenter size-full wp-image-520\" alt=\"foto 8\" src=\"http:\/\/osp.slonsk.pl\/wp-content\/uploads\/2014\/01\/foto-8.jpg\" width=\"460\" height=\"383\" srcset=\"http:\/\/osp.slonsk.pl\/wp-content\/uploads\/2014\/01\/foto-8.jpg 460w, http:\/\/osp.slonsk.pl\/wp-content\/uploads\/2014\/01\/foto-8-300x249.jpg 300w\" sizes=\"auto, (max-width: 460px) 100vw, 460px\" \/><\/a><\/i><i>po\u015bwi\u0119cenie sztandaru przez proboszcza Parafii S\u0142o\u0144sk ksi\u0119dza J\u00f3zefa Drozda<br \/>\n<a href=\"http:\/\/osp.slonsk.pl\/wp-content\/uploads\/2014\/01\/foto-9.jpg\"><img loading=\"lazy\" decoding=\"async\" class=\"aligncenter size-full wp-image-521\" alt=\"foto 9\" src=\"http:\/\/osp.slonsk.pl\/wp-content\/uploads\/2014\/01\/foto-9.jpg\" width=\"460\" height=\"328\" srcset=\"http:\/\/osp.slonsk.pl\/wp-content\/uploads\/2014\/01\/foto-9.jpg 460w, http:\/\/osp.slonsk.pl\/wp-content\/uploads\/2014\/01\/foto-9-300x213.jpg 300w\" sizes=\"auto, (max-width: 460px) 100vw, 460px\" \/><\/a><\/i><i>przekazanie sztandaru dla druh\u00f3w OSP na r\u0119ce Prezesa Kazimierza Gruchalskiego przez W\u00f3jta \u00a0i Przewodnicz\u0105c\u0105 Rady Gminy<br \/>\n<a href=\"http:\/\/osp.slonsk.pl\/wp-content\/uploads\/2014\/01\/foto-10.jpg\"><img loading=\"lazy\" decoding=\"async\" class=\"aligncenter size-full wp-image-522\" alt=\"foto 10\" src=\"http:\/\/osp.slonsk.pl\/wp-content\/uploads\/2014\/01\/foto-10.jpg\" width=\"460\" height=\"328\" srcset=\"http:\/\/osp.slonsk.pl\/wp-content\/uploads\/2014\/01\/foto-10.jpg 460w, http:\/\/osp.slonsk.pl\/wp-content\/uploads\/2014\/01\/foto-10-300x213.jpg 300w\" sizes=\"auto, (max-width: 460px) 100vw, 460px\" \/><\/a><\/i><i>oddanie ho\u0142d sztandarowi przez druh\u00f3w OSP S\u0142o\u0144sk<br \/>\n<a href=\"http:\/\/osp.slonsk.pl\/wp-content\/uploads\/2014\/01\/foto-11.jpg\"><img loading=\"lazy\" decoding=\"async\" class=\"aligncenter size-full wp-image-523\" alt=\"foto 11\" src=\"http:\/\/osp.slonsk.pl\/wp-content\/uploads\/2014\/01\/foto-11.jpg\" width=\"460\" height=\"298\" srcset=\"http:\/\/osp.slonsk.pl\/wp-content\/uploads\/2014\/01\/foto-11.jpg 460w, http:\/\/osp.slonsk.pl\/wp-content\/uploads\/2014\/01\/foto-11-300x194.jpg 300w\" sizes=\"auto, (max-width: 460px) 100vw, 460px\" \/><\/a><\/i><i>wyst\u0105pienie pani Bo\u017ceny S\u0142awiak Pos\u0142a na Sejm RP<br \/>\n<a href=\"http:\/\/osp.slonsk.pl\/wp-content\/uploads\/2014\/01\/foto-12.jpg\"><img loading=\"lazy\" decoding=\"async\" class=\"aligncenter size-full wp-image-524\" alt=\"foto 12\" src=\"http:\/\/osp.slonsk.pl\/wp-content\/uploads\/2014\/01\/foto-12.jpg\" width=\"460\" height=\"308\" srcset=\"http:\/\/osp.slonsk.pl\/wp-content\/uploads\/2014\/01\/foto-12.jpg 460w, http:\/\/osp.slonsk.pl\/wp-content\/uploads\/2014\/01\/foto-12-300x200.jpg 300w\" sizes=\"auto, (max-width: 460px) 100vw, 460px\" \/><\/a><\/i><i>odczytanie aktu nadania sztandaru jednostce OSP S\u0142o\u0144sk przez druhn\u0119 El\u017cbiet\u0119 Polak<br \/>\n<a href=\"http:\/\/osp.slonsk.pl\/wp-content\/uploads\/2014\/01\/foto-13.jpg\"><img loading=\"lazy\" decoding=\"async\" class=\"aligncenter size-full wp-image-525\" alt=\"foto 13\" src=\"http:\/\/osp.slonsk.pl\/wp-content\/uploads\/2014\/01\/foto-13.jpg\" width=\"460\" height=\"321\" srcset=\"http:\/\/osp.slonsk.pl\/wp-content\/uploads\/2014\/01\/foto-13.jpg 460w, http:\/\/osp.slonsk.pl\/wp-content\/uploads\/2014\/01\/foto-13-300x209.jpg 300w\" sizes=\"auto, (max-width: 460px) 100vw, 460px\" \/><\/a><\/i><i>pami\u0105tkowe zdj\u0119cie<br \/>\n<a href=\"http:\/\/osp.slonsk.pl\/wp-content\/uploads\/2014\/01\/foto-14.jpg\"><img loading=\"lazy\" decoding=\"async\" class=\"aligncenter size-full wp-image-526\" alt=\"foto 14\" src=\"http:\/\/osp.slonsk.pl\/wp-content\/uploads\/2014\/01\/foto-14.jpg\" width=\"460\" height=\"350\" srcset=\"http:\/\/osp.slonsk.pl\/wp-content\/uploads\/2014\/01\/foto-14.jpg 460w, http:\/\/osp.slonsk.pl\/wp-content\/uploads\/2014\/01\/foto-14-300x228.jpg 300w\" sizes=\"auto, (max-width: 460px) 100vw, 460px\" \/><\/a><\/i><i>przemarsz ulicami S\u0142o\u0144ska<br \/>\n<a href=\"http:\/\/osp.slonsk.pl\/wp-content\/uploads\/2014\/01\/foto-15.jpg\"><img loading=\"lazy\" decoding=\"async\" class=\"aligncenter size-full wp-image-527\" alt=\"foto 15\" src=\"http:\/\/osp.slonsk.pl\/wp-content\/uploads\/2014\/01\/foto-15.jpg\" width=\"460\" height=\"345\" srcset=\"http:\/\/osp.slonsk.pl\/wp-content\/uploads\/2014\/01\/foto-15.jpg 460w, http:\/\/osp.slonsk.pl\/wp-content\/uploads\/2014\/01\/foto-15-300x225.jpg 300w\" sizes=\"auto, (max-width: 460px) 100vw, 460px\" \/><\/a><\/i><i>poczty sztandarowe w przemarszu przy remizie w S\u0142o\u0144sku<br \/>\n<a href=\"http:\/\/osp.slonsk.pl\/wp-content\/uploads\/2014\/01\/foto-16.jpg\"><img loading=\"lazy\" decoding=\"async\" class=\"aligncenter size-full wp-image-528\" alt=\"foto 16\" src=\"http:\/\/osp.slonsk.pl\/wp-content\/uploads\/2014\/01\/foto-16.jpg\" width=\"460\" height=\"330\" srcset=\"http:\/\/osp.slonsk.pl\/wp-content\/uploads\/2014\/01\/foto-16.jpg 460w, http:\/\/osp.slonsk.pl\/wp-content\/uploads\/2014\/01\/foto-16-300x215.jpg 300w\" sizes=\"auto, (max-width: 460px) 100vw, 460px\" \/><\/a><\/i><i>wpis w ksi\u0119dze pami\u0105tkowej przez Starost\u0119 Sul\u0119ci\u0144skiego druha Stanis\u0142awa Kubiaka<br \/>\n<a href=\"http:\/\/osp.slonsk.pl\/wp-content\/uploads\/2014\/01\/foto-17.jpg\"><img loading=\"lazy\" decoding=\"async\" class=\"aligncenter size-full wp-image-529\" alt=\"foto 17\" src=\"http:\/\/osp.slonsk.pl\/wp-content\/uploads\/2014\/01\/foto-17.jpg\" width=\"460\" height=\"318\" srcset=\"http:\/\/osp.slonsk.pl\/wp-content\/uploads\/2014\/01\/foto-17.jpg 460w, http:\/\/osp.slonsk.pl\/wp-content\/uploads\/2014\/01\/foto-17-300x207.jpg 300w\" sizes=\"auto, (max-width: 460px) 100vw, 460px\" \/><\/a><\/i><i>wpis w ksi\u0119dze pami\u0105tkowej przez Komendanta Pa\u0144stwowej Stra\u017cy Po\u017carnej w Sul\u0119cinie druha Bogdana \u015anie\u017cek<\/i><\/p>\n","protected":false},"excerpt":{"rendered":"<p>\u00a0 \u00a0 \u00a0Dzie\u0144 11 czerwca 2009 r. to \u015awi\u0119to Bo\u017cego Cia\u0142a, ale tak\u017ce \u015bwi\u0119to spo\u0142eczno\u015bci stra\u017cak\u00f3w ochotnik\u00f3w Gminy S\u0142o\u0144sk, poniewa\u017c w tym dniu spo\u0142ecze\u0144stwo ofiarowa\u0142o sztandar dla OSP S\u0142o\u0144sk. G\u0142owna impreza odby\u0142a si\u0119 o godz. 1700\u00a0 przed Ko\u015bcio\u0142em w S\u0142o\u0144sku. W uroczysto\u015bci uczestniczy\u0142y poczty sztandarowe Zespo\u0142u Szk\u00f3\u0142 w S\u0142o\u0144sku, Ko\u0142a&hellip; <\/p>\n","protected":false},"author":1,"featured_media":0,"parent":0,"menu_order":0,"comment_status":"closed","ping_status":"open","template":"","meta":{"footnotes":""},"class_list":["post-512","page","type-page","status-publish","hentry"],"_links":{"self":[{"href":"http:\/\/osp.slonsk.pl\/index.php?rest_route=\/wp\/v2\/pages\/512","targetHints":{"allow":["GET"]}}],"collection":[{"href":"http:\/\/osp.slonsk.pl\/index.php?rest_route=\/wp\/v2\/pages"}],"about":[{"href":"http:\/\/osp.slonsk.pl\/index.php?rest_route=\/wp\/v2\/types\/page"}],"author":[{"embeddable":true,"href":"http:\/\/osp.slonsk.pl\/index.php?rest_route=\/wp\/v2\/users\/1"}],"replies":[{"embeddable":true,"href":"http:\/\/osp.slonsk.pl\/index.php?rest_route=%2Fwp%2Fv2%2Fcomments&post=512"}],"version-history":[{"count":4,"href":"http:\/\/osp.slonsk.pl\/index.php?rest_route=\/wp\/v2\/pages\/512\/revisions"}],"predecessor-version":[{"id":544,"href":"http:\/\/osp.slonsk.pl\/index.php?rest_route=\/wp\/v2\/pages\/512\/revisions\/544"}],"wp:attachment":[{"href":"http:\/\/osp.slonsk.pl\/index.php?rest_route=%2Fwp%2Fv2%2Fmedia&parent=512"}],"curies":[{"name":"wp","href":"https:\/\/api.w.org\/{rel}","templated":true}]}}