{"id":277,"date":"2013-12-11T18:36:32","date_gmt":"2013-12-11T17:36:32","guid":{"rendered":"http:\/\/osp.slonsk.pl\/?page_id=277"},"modified":"2019-03-14T18:26:44","modified_gmt":"2019-03-14T17:26:44","slug":"galerie","status":"publish","type":"page","link":"http:\/\/osp.slonsk.pl\/?page_id=277","title":{"rendered":"Galerie"},"content":{"rendered":"<p>P\u00f3\u017aniejsze zdj\u0119cia znajduj\u0105 si\u0119 odpowiednich postach na stronie<\/p>\n<p style=\"text-align: center;\"><span style=\"color: #ff0000;\"><strong>2014<\/strong><\/span><\/p>\n<p>&nbsp;<\/p>\n<h2 class=\"art-postheader\" style=\"color: #000000;\"><\/h2>\n<p><a href=\"http:\/\/osp.slonsk.pl\/wp-content\/uploads\/2014\/07\/IMG_5636.jpg\"><img loading=\"lazy\" decoding=\"async\" class=\"alignleft wp-image-1894 size-full\" src=\"http:\/\/osp.slonsk.pl\/wp-content\/uploads\/2014\/07\/IMG_5636.jpg\" alt=\"\" width=\"150\" height=\"129\" \/><\/a><\/p>\n<p>&nbsp;<\/p>\n<p><a title=\"Powiatowe Zawody Sportowo \u2013 Po\u017carnicze Dru\u017cyn Ochotniczych Stra\u017cy Po\u017carnych w Krzeszycach\" href=\"http:\/\/osp.slonsk.pl\/?p=1890\"><span style=\"font-size: 10pt;\"><span style=\"color: #0000ff;\"><b>2014.0<span style=\"font-size: 8pt;\">6<\/span>.2<span style=\"font-size: 8pt;\">8<\/span> \u2013 Powiatowe Zawody Sportowo-Po\u017carnicze Dru\u017cyn Ochotniczych Stra\u017cy Po\u017carnych w Krzeszycach\u00a0<\/b><\/span><\/span><\/a><\/p>\n<p>&nbsp;<\/p>\n<p>&nbsp;<\/p>\n<p>&nbsp;<\/p>\n<p><a title=\"Powiatowe Zawody Sportowo \u2013 Po\u017carnicze Dru\u017cyn Ochotniczych Stra\u017cy Po\u017carnych w Krzeszycach\" href=\"http:\/\/osp.slonsk.pl\/?p=1890\"><span style=\"font-size: 10pt;\"><img loading=\"lazy\" decoding=\"async\" class=\"alignnone\" style=\"border: 0px; vertical-align: middle;\" src=\"http:\/\/osp.slonsk.pl\/wp-content\/uploads\/2014\/01\/wosp-2014-fot-5.jpg\" alt=\"2014.01.12 \u2013 Wielka Orkiestra \u015awi\u0105tecznej Pomocy w S\u0142o\u0144sku\" width=\"140\" height=\"140\" \/><span style=\"color: #0000ff;\"><b>2014.01.12 \u2013 Wielka Orkiestra \u015awi\u0105tecznej Pomocy w S\u0142o\u0144sku\u00a0<\/b><\/span><\/span><\/a><\/p>\n<p style=\"text-align: center;\">\u00a0\u00a0<a href=\"http:\/\/osp.slonsk.pl\/?p=431\"><span style=\"color: #ff0000; font-size: 14px;\"><strong>\u00a02013<\/strong><\/span><\/a><\/p>\n<p><a href=\"http:\/\/osp.slonsk.pl\/?page_id=381\"><img loading=\"lazy\" decoding=\"async\" class=\"alignnone\" style=\"border: 0; vertical-align: middle;\" src=\"http:\/\/osp.slonsk.pl\/wp-content\/uploads\/2013\/12\/wizyta-miko%C5%82aja-28.jpg\" alt=\"2013.12.08 \u2013 Miko\u0142aj w OSP S\u0142o\u0144sk\" width=\"140\" height=\"140\" \/><span style=\"color: #0000ff;\"><b>2013.12.08 \u2013 Miko\u0142aj w OSP S\u0142o\u0144sk<\/b><\/span><\/a><\/p>\n<p>&nbsp;<\/p>\n<p><a style=\"line-height: 1.5em;\" href=\"http:\/\/osp.slonsk.pl\/?page_id=405\"><img loading=\"lazy\" decoding=\"async\" class=\"alignnone\" style=\"vertical-align: middle;\" src=\"http:\/\/osp.slonsk.pl\/wp-content\/uploads\/2014\/01\/094.jpg\" alt=\"2013.05.30 \u2013 OSP S\u0142o\u0144sk podczas uroczysto\u015bci Bo\u017cego Cia\u0142a w S\u0142o\u0144sku\" width=\"140\" height=\"140\" \/><\/a><a style=\"line-height: 1.5em;\" href=\"http:\/\/osp.slonsk.pl\/?page_id=405\"><span style=\"color: #0000ff;\"><b>2013.05.30 \u2013 OSP S\u0142o\u0144sk podczas uroczysto\u015bci Bo\u017cego Cia\u0142a w S\u0142o\u0144sku<\/b><\/span><\/a><\/p>\n<p>&nbsp;<\/p>\n<p><a href=\"http:\/\/osp.slonsk.pl\/?page_id=384\"><img loading=\"lazy\" decoding=\"async\" class=\"alignnone\" style=\"border: 0; vertical-align: middle;\" src=\"http:\/\/osp.slonsk.pl\/wp-content\/uploads\/2013\/12\/zawody-po%C5%BCarnicze-Dni-Sul%C4%99cina-2013.05.05-fot4.jpg\" alt=\"2013.05.05 \u2013 Zawody po\u017carnicze \u2013 Dni Sul\u0119cina\" width=\"140\" height=\"140\" \/><span style=\"color: #0000ff;\"><b>2013.05.05 \u2013 Zawody po\u017carnicze \u2013 Dni Sul\u0119cina\u00a0<\/b><\/span><\/a><\/p>\n<p>&nbsp;<\/p>\n<p><a href=\"http:\/\/osp.slonsk.pl\/?page_id=387\"><img loading=\"lazy\" decoding=\"async\" class=\"align left alignnone\" style=\"border: 0; vertical-align: middle;\" src=\"http:\/\/osp.slonsk.pl\/wp-content\/uploads\/2014\/01\/006.jpg\" alt=\"2013.03.30 \u2013 Warta honorowa druh\u00f3w OSP S\u0142o\u0144sk i cz\u0142onk\u00f3w MDP przy grobie Pa\u0144skim \u2013 Wielkanoc 2013\" width=\"140\" height=\"140\" \/><span style=\"color: #0000ff;\"><b>2013.03.30 \u2013 Warta honorowa druh\u00f3w OSP S\u0142o\u0144sk i cz\u0142onk\u00f3w MDP przy grobie Pa\u0144skim Wielkanoc 2013<\/b><\/span><\/a><\/p>\n<p>&nbsp;<\/p>\n<p><a href=\"http:\/\/osp.slonsk.pl\/?page_id=396\"><img loading=\"lazy\" decoding=\"async\" class=\"alignnone\" style=\"vertical-align: middle;\" src=\"http:\/\/osp.slonsk.pl\/wp-content\/uploads\/2014\/01\/IMG_5164.jpg\" alt=\"2013.02.01 - OSP S\u0142o\u0144sk w uroczysto\u015bciach z okazji 68 rocznicy wyzwolenia S\u0142o\u0144ska\" width=\"140\" height=\"140\" \/><span style=\"color: #0000ff;\"><b>2013.02.01 &#8211; OSP S\u0142o\u0144sk w uroczysto\u015bciach z okazji 68 rocznicy wyzwolenia S\u0142o\u0144ska<\/b><\/span><\/a><\/p>\n<p style=\"text-align: center;\">\u00a0 <span style=\"color: #ff0000;\"><strong>2010<\/strong><\/span><\/p>\n<p style=\"text-align: left;\"><a title=\"Wr\u0119czenie nagr\u00f3d w etapie gminnym OTWP 2010\" href=\"http:\/\/osp.slonsk.pl\/?page_id=2067\"><strong>2010.03.12 <\/strong><span style=\"color: #0000ff;\"><b><span style=\"color: #0000ff;\"><b>Wr\u0119czenie nagr\u00f3d w etapie gminnym OTWP\u00a0<\/b><\/span><\/b><\/span><\/a><\/p>\n<p style=\"text-align: left;\"><a title=\"Wielkanoc 2010\" href=\"http:\/\/osp.slonsk.pl\/?page_id=1951\"><strong>2010.04.02 <\/strong><span style=\"color: #0000ff;\"><b><span style=\"color: #0000ff;\"><b>Wielkanoc <\/b><\/span><\/b><\/span><\/a><\/p>\n<p style=\"text-align: left;\"><a title=\"zbi\u00f3rka honorowa ku czci ofiar katastrofy smole\u0144skiej 2010\" href=\"http:\/\/osp.slonsk.pl\/?page_id=1977\"><strong>2010.04.11<\/strong><span style=\"color: #0000ff;\"><b><span style=\"color: #0000ff;\"><b>\u00a0 Zbi\u00f3rka honorowa ku czci ofiar katastrofy smole\u0144skiej<\/b><\/span><\/b><\/span><\/a><\/p>\n<p style=\"text-align: left;\"><a title=\"I szkolenie z I pomocy przedmedycznej dla druh\u00f3w OSP 2010\" href=\"http:\/\/osp.slonsk.pl\/?page_id=1970\"><strong>2010.04.16\u00a0<\/strong><span style=\"color: #0000ff;\"><b><span style=\"color: #0000ff;\"><b> I szkolenie z I pomocy przedmedycznej dla druh\u00f3w OSP<\/b><\/span><\/b><\/span><\/a><\/p>\n<p style=\"text-align: left;\"><a title=\"II szkolenie z pomocy przedmedycznej 2010\" href=\"http:\/\/osp.slonsk.pl\/?page_id=2195\"><strong>2010.04.23\u00a0<\/strong><span style=\"color: #0000ff;\"><b><span style=\"color: #0000ff;\"><b> II szkolenie z I pomocy przedmedycznej dla druh\u00f3w OSP<\/b><\/span><\/b><\/span><\/a><\/p>\n<p style=\"text-align: left;\"><a title=\"Festyn stra\u017cacki \u201eBaw si\u0119 razem ze stra\u017cakami\u201d 2010\" href=\"http:\/\/osp.slonsk.pl\/?page_id=2089\"><strong>2010.05.02\u00a0<\/strong><span style=\"color: #0000ff;\"><b><span style=\"color: #0000ff;\"><b> Festyn stra\u017cacki &#8222;Baw si\u0119 razem ze stra\u017cakami&#8221;<\/b><\/span><\/b><\/span><\/a><\/p>\n<p style=\"text-align: left;\"><a title=\"Bo\u017ce Cia\u0142o 2010\" href=\"http:\/\/osp.slonsk.pl\/?page_id=1959\"><strong>2010 czerwiec\u00a0<\/strong><span style=\"color: #0000ff;\"><b><span style=\"color: #0000ff;\"><b> Bo\u017ce cia\u0142o <\/b><\/span><\/b><\/span><\/a><\/p>\n<p style=\"text-align: left;\"><a title=\"Szkolenie w aparatach powietrznych w Jednostce PSP w Sul\u0119cinie 2010\" href=\"http:\/\/osp.slonsk.pl\/?page_id=2026\"><strong>2010.08.28\u00a0<\/strong><\/a><span style=\"color: #0000ff;\"><b><span style=\"color: #0000ff;\"><b><a title=\"Szkolenie w aparatach powietrznych w Jednostce PSP w Sul\u0119cinie 2010\" href=\"http:\/\/osp.slonsk.pl\/?page_id=2026\"> Szkolenie w aparatach powietrznych w Jednostce PSP w Sul\u0119cinie<\/a> <\/b><\/span><\/b><\/span><\/p>\n<p style=\"text-align: left;\"><a title=\"Zaliczenie szkolenia z zakresu ODO w \u015awiebodzinie 2010\" href=\"http:\/\/osp.slonsk.pl\/?page_id=2185\"><strong>2010.09.18\u00a0<\/strong><span style=\"color: #0000ff;\"><b><span style=\"color: #0000ff;\"><b> Zaliczenie szkolenia z zakresu ODO w \u015awiebodzinie <\/b><\/span><\/b><\/span><\/a><\/p>\n<p style=\"text-align: left;\"><a title=\"Szkolenie w aparatach powietrznych w Jednostce PSP w Sul\u0119cinie 2010\" href=\"http:\/\/osp.slonsk.pl\/?page_id=2026\"><strong>\u00a0<\/strong><\/a><\/p>\n<p style=\"text-align: center;\">\u00a0\u00a0<span style=\"color: #ff0000;\"><strong>2009<\/strong><\/span><\/p>\n<p style=\"text-align: left;\"><a href=\"http:\/\/osp.slonsk.pl\/?page_id=1686\"><img loading=\"lazy\" decoding=\"async\" class=\"alignnone\" style=\"border: 0; vertical-align: middle;\" src=\"http:\/\/osp.slonsk.pl\/wp-content\/uploads\/2014\/04\/Og%C3%B3lnopolski-Turniej-Wiedzy-Po%C5%BCarniczej-%E2%80%93-etap-gminny-12.03.2009-fot-1.jpg\" alt=\"2009.03.12 Og\u00f3lnopolski Turniej Wiedzy Po\u017carniczej \u2013 etap gminny\" width=\"140\" height=\"140\" \/><span style=\"color: #0000ff;\"><b>2009.03.12 Og\u00f3lnopolski Turniej Wiedzy Po\u017carniczej \u2013 etap gminny<\/b><\/span><\/a><\/p>\n<p>&nbsp;<\/p>\n<p style=\"text-align: left;\"><a href=\"http:\/\/osp.slonsk.pl\/?page_id=1650\"><img loading=\"lazy\" decoding=\"async\" class=\"alignnone\" style=\"border: 0; vertical-align: middle;\" src=\"http:\/\/osp.slonsk.pl\/wp-content\/uploads\/2014\/04\/I-szkolenie-z-ratownictwa-medycznego-13.03.2009-fot-1.jpg\" alt=\"2009.03.13 I szkolenie z ratownictwa medycznego\" width=\"140\" height=\"140\" \/><span style=\"color: #0000ff;\"><b>2009.03.13 I szkolenie z ratownictwa medycznego<\/b><\/span><\/a><\/p>\n<p>&nbsp;<\/p>\n<p style=\"text-align: left;\"><a href=\"http:\/\/osp.slonsk.pl\/?page_id=1658\"><img loading=\"lazy\" decoding=\"async\" class=\"alignnone\" style=\"border: 0; vertical-align: middle;\" src=\"http:\/\/osp.slonsk.pl\/wp-content\/uploads\/2014\/04\/II-szkolenie-z-ratownictwa-medycznego-27.03.2009-fot-1.jpg\" alt=\"2009.03.27 II szkolenie z ratownictwa medycznego\" width=\"140\" height=\"140\" \/><span style=\"color: #0000ff;\"><b>2009.03.27 II szkolenie z ratownictwa medycznego<\/b><\/span><\/a><\/p>\n<p>&nbsp;<\/p>\n<p style=\"text-align: left;\"><a href=\"http:\/\/osp.slonsk.pl\/?page_id=1677\"><img loading=\"lazy\" decoding=\"async\" class=\"alignnone\" style=\"border: 0; vertical-align: middle;\" src=\"http:\/\/osp.slonsk.pl\/wp-content\/uploads\/2014\/04\/%C5%9Alub-druha-Mariusza-Przyczyna-i-Ma%C5%82gorzaty-Matkowskiej-12.04.2009-fot-2.jpg\" alt=\"2009.04.12 \u015alub druha Mariusza Przyczyna i Ma\u0142gorzaty Matkowskiej\" width=\"140\" height=\"140\" \/><span style=\"color: #0000ff;\"><b>2009.04.12 \u015alub druha Mariusza Przyczyna i Ma\u0142gorzaty Matkowskiej<\/b><\/span><\/a><\/p>\n<p>&nbsp;<\/p>\n<p style=\"text-align: left;\"><a href=\"http:\/\/osp.slonsk.pl\/?page_id=1665\"><img loading=\"lazy\" decoding=\"async\" class=\"alignnone\" style=\"border: 0; vertical-align: middle;\" src=\"http:\/\/osp.slonsk.pl\/wp-content\/uploads\/2014\/04\/%C5%9Alub-druha-Dawida-Jaworskiego-i-Marty-Szawli%C5%84skiej-18.04.2009-fot-7.jpg\" alt=\"\" width=\"140\" height=\"140\" \/><span style=\"color: #0000ff;\"><b>2009.04.18 \u015alub druha Dawida Jaworskiego i Marty Szawli\u0144skiej<\/b><\/span><\/a><\/p>\n<p>&nbsp;<\/p>\n<p><a href=\"http:\/\/osp.slonsk.pl\/?page_id=512\"><img loading=\"lazy\" decoding=\"async\" class=\"alignnone\" style=\"border: 0; vertical-align: middle;\" src=\"http:\/\/osp.slonsk.pl\/wp-content\/uploads\/2014\/01\/sztandar1.jpg\" alt=\"11.06.2009 Przekazanie sztandaru dla OSP S\u0142o\u0144sk\" width=\"140\" height=\"140\" \/><span style=\"color: #0000ff;\"><b>11.06.2009 Przekazanie sztandaru dla OSP S\u0142o\u0144sk<\/b><\/span><\/a><\/p>\n<p>&nbsp;<\/p>\n<p><a href=\"http:\/\/osp.slonsk.pl\/?page_id=1691\"><img loading=\"lazy\" decoding=\"async\" class=\"alignnone\" style=\"border: 0; vertical-align: middle;\" src=\"http:\/\/osp.slonsk.pl\/wp-content\/uploads\/2014\/04\/Powiatowe-zawody-po%C5%BCarnicze-z-okazji-X-lecia-Powiatu-Sul%C4%99ci%C5%84skiego-21.06.2009-fot-34.jpg\" alt=\"2009.06.21 Powiatowe zawody po\u017carnicze z okazji X lecia Powiatu Sul\u0119ci\u0144skiego\" width=\"140\" height=\"140\" \/><span style=\"color: #0000ff;\"><b>2009.06.21 Powiatowe zawody po\u017carnicze z okazji X lecia Powiatu Sul\u0119ci\u0144skiego<\/b><\/span><\/a><\/p>\n<p style=\"text-align: center;\">\u00a0<span style=\"text-align: center; line-height: 1.5em;\">\u00a0<\/span><span style=\"color: #ff0000;\"><strong>2006<\/strong><\/span><\/p>\n<p><a href=\"http:\/\/osp.slonsk.pl\/?page_id=818\"><img loading=\"lazy\" decoding=\"async\" class=\"alignnone\" style=\"border: 0; vertical-align: top;\" src=\"http:\/\/osp.slonsk.pl\/wp-content\/uploads\/2014\/02\/wielkanoc-2006-fot-1.jpg\" alt=\"OSP S\u0142o\u0144sk podczas \u015awi\u0105t Wielkanocnych w S\u0142o\u0144sku w 2006 r.\" width=\"140\" height=\"140\" \/><span style=\"color: #0000ff;\"><b>OSP S\u0142o\u0144sk podczas \u015awi\u0105t Wielkanocnych w S\u0142o\u0144sku w 2006 r.<\/b><\/span><\/a><\/p>\n<p>&nbsp;<\/p>\n<p><a href=\"http:\/\/osp.slonsk.pl\/?page_id=775\"><img loading=\"lazy\" decoding=\"async\" class=\"alignnone\" style=\"border: 0; vertical-align: middle;\" src=\"http:\/\/osp.slonsk.pl\/wp-content\/uploads\/2014\/02\/zawody-po%C5%BCarnicze-30.04.2006-fot-28.jpg\" alt=\"30.0.4.2006 Gminne zawody po\u017carnicze\" width=\"140\" height=\"140\" \/><span style=\"color: #0000ff;\"><b>30.0.4.2006 Gminne zawody po\u017carnicze<\/b><\/span><\/a><\/p>\n<p><a href=\"http:\/\/osp.slonsk.pl\/?page_id=768\"><img loading=\"lazy\" decoding=\"async\" class=\"alignnone\" style=\"border: 0; vertical-align: middle;\" src=\"http:\/\/osp.slonsk.pl\/wp-content\/uploads\/2014\/02\/WOSP-8.01.2006-fot-3.jpg\" alt=\"28.01.2006 OSP S\u0142o\u0144sk podczas Fina\u0142u Wielkiej Orkiestry \u015awi\u0105tecznej Pomocy w S\u0142o\u0144sku\" width=\"140\" height=\"140\" \/><span style=\"color: #0000ff;\"><b>8.01.2006 OSP S\u0142o\u0144sk podczas Fina\u0142u Wielkiej Orkiestry \u015awi\u0105tecznej Pomocy w S\u0142o\u0144sku<\/b><\/span><\/a><\/p>\n<p style=\"text-align: center;\">\u00a0<span style=\"color: #ff0000;\">\u00a0<strong>2005<\/strong><\/span><\/p>\n<p>&nbsp;<\/p>\n<p><a href=\"http:\/\/osp.slonsk.pl\/?page_id=640\"><img loading=\"lazy\" decoding=\"async\" class=\"alignnone\" style=\"vertical-align: middle;\" src=\"http:\/\/osp.slonsk.pl\/wp-content\/uploads\/2014\/02\/cwiczenia-pozarnicze-fot-28.jpg\" alt=\"20.01.2005 \u2013 \u0106wiczenia stra\u017cackie Scanwood\" width=\"140\" height=\"140\" \/><span style=\"color: #0000ff;\"><b>20.01.2005 \u2013 \u0106wiczenia stra\u017cackie Scanwood<\/b><\/span><\/a><\/p>\n<p>&nbsp;<\/p>\n<p><a href=\"http:\/\/osp.slonsk.pl\/?page_id=731\"><img loading=\"lazy\" decoding=\"async\" class=\"alignnone\" style=\"border: 0; vertical-align: middle;\" src=\"http:\/\/osp.slonsk.pl\/wp-content\/uploads\/2014\/02\/spotkanie-sprawozdawcze-osp-slonsk-04.02.2005-fot-8.jpg\" alt=\"04.02.2005 Spotkanie sprawozdawcze OSP S\u0142o\u0144sk\" width=\"140\" height=\"140\" \/><span style=\"color: #0000ff;\"><b>04.02.2005 Spotkanie sprawozdawcze OSP S\u0142o\u0144sk<\/b><\/span><\/a><\/p>\n<p>&nbsp;<\/p>\n<p><a href=\"http:\/\/osp.slonsk.pl\/?page_id=674\"><img loading=\"lazy\" decoding=\"async\" class=\"alignnone\" style=\"border: 0; vertical-align: middle;\" src=\"http:\/\/osp.slonsk.pl\/wp-content\/uploads\/2014\/02\/60-rocznica-zakonczenia-II-wojny-swiatowej-7.05.2005-fot-1.jpg\" alt=\"07.05.2005 \u2013 60 rocznica zako\u0144czenia II wojny \u015bwiatowej\" width=\"140\" height=\"140\" \/><span style=\"color: #0000ff;\"><b>07.05.2005 \u2013 60 rocznica zako\u0144czenia II wojny \u015bwiatowej<\/b><\/span><\/a><\/p>\n<p>&nbsp;<\/p>\n<p><a href=\"http:\/\/osp.slonsk.pl\/?page_id=678\"><img loading=\"lazy\" decoding=\"async\" class=\"alignnone\" style=\"border: 0; vertical-align: middle;\" src=\"http:\/\/osp.slonsk.pl\/wp-content\/uploads\/2014\/02\/miedzynarodowe-cwiczenia-pozarnicze-fot-2.jpg\" alt=\"16.07.2005 \u2013 Mi\u0119dzynarodowe \u0107wiczenia po\u017carnicze Scanwood\" width=\"140\" height=\"140\" \/><span style=\"color: #0000ff;\"><b>16.07.2005 \u2013 Mi\u0119dzynarodowe \u0107wiczenia po\u017carnicze Scanwood<\/b><\/span><\/a><\/p>\n<p>&nbsp;<\/p>\n<p><a href=\"http:\/\/osp.slonsk.pl\/?page_id=741\"><img loading=\"lazy\" decoding=\"async\" class=\"alignnone\" style=\"border: 0; vertical-align: middle;\" src=\"http:\/\/osp.slonsk.pl\/wp-content\/uploads\/2014\/02\/dozynki-gminne-ownice-11.09.2005-fot-8.jpg\" alt=\"11.09.2005 Do\u017cynki Gminne Ownice\" width=\"140\" height=\"140\" \/><span style=\"color: #0000ff;\"><b>11.09.2005 Do\u017cynki Gminne Ownice<\/b><\/span><\/a><\/p>\n<p>&nbsp;<\/p>\n<p><a href=\"http:\/\/osp.slonsk.pl\/?page_id=568\"><img loading=\"lazy\" decoding=\"async\" class=\"alignnone\" style=\"border: 0; vertical-align: middle;\" src=\"http:\/\/osp.slonsk.pl\/wp-content\/uploads\/2014\/01\/cwiczenia-osp-grudzien-2012-fot-1.jpg\" alt=\"2005.12.10 \u2013 \u0106wiczenia stra\u017cackie\" width=\"140\" height=\"140\" \/><span style=\"color: #0000ff;\"><b>2005.12.10 \u2013 \u0106wiczenia stra\u017cackie<\/b><\/span><\/a><\/p>\n<p style=\"text-align: center;\">\u00a0<span style=\"text-align: center; line-height: 1.5em;\">\u00a0<\/span><span style=\"color: #ff0000;\">\u00a0<strong>2004<\/strong><\/span><\/p>\n<p><a href=\"http:\/\/osp.slonsk.pl\/?page_id=549\"><img loading=\"lazy\" decoding=\"async\" class=\"alignnone\" style=\"border: 0; vertical-align: middle;\" src=\"http:\/\/osp.slonsk.pl\/wp-content\/uploads\/2014\/01\/pokaz-dni-slonska-2004-fot-4.jpg\" alt=\" 2004.05.01 \u2013 Pokaz stra\u017cacki podczas Dni S\u0142o\u0144ska\" width=\"140\" height=\"140\" \/><span style=\"color: #0000ff;\"><b>2004.05.01 \u2013 Pokaz stra\u017cacki podczas Dni S\u0142o\u0144ska<\/b><\/span><\/a><\/p>\n","protected":false},"excerpt":{"rendered":"<p>P\u00f3\u017aniejsze zdj\u0119cia znajduj\u0105 si\u0119 odpowiednich postach na stronie 2014 &nbsp; &nbsp; 2014.06.28 \u2013 Powiatowe Zawody Sportowo-Po\u017carnicze Dru\u017cyn Ochotniczych Stra\u017cy Po\u017carnych w Krzeszycach\u00a0 &nbsp; &nbsp; &nbsp; 2014.01.12 \u2013 Wielka Orkiestra \u015awi\u0105tecznej Pomocy w S\u0142o\u0144sku\u00a0 \u00a0\u00a0\u00a02013 2013.12.08 \u2013 Miko\u0142aj w OSP S\u0142o\u0144sk &nbsp; 2013.05.30 \u2013 OSP S\u0142o\u0144sk podczas uroczysto\u015bci Bo\u017cego Cia\u0142a w&hellip; <\/p>\n","protected":false},"author":1,"featured_media":0,"parent":0,"menu_order":0,"comment_status":"closed","ping_status":"open","template":"","meta":{"footnotes":""},"class_list":["post-277","page","type-page","status-publish","hentry"],"_links":{"self":[{"href":"http:\/\/osp.slonsk.pl\/index.php?rest_route=\/wp\/v2\/pages\/277","targetHints":{"allow":["GET"]}}],"collection":[{"href":"http:\/\/osp.slonsk.pl\/index.php?rest_route=\/wp\/v2\/pages"}],"about":[{"href":"http:\/\/osp.slonsk.pl\/index.php?rest_route=\/wp\/v2\/types\/page"}],"author":[{"embeddable":true,"href":"http:\/\/osp.slonsk.pl\/index.php?rest_route=\/wp\/v2\/users\/1"}],"replies":[{"embeddable":true,"href":"http:\/\/osp.slonsk.pl\/index.php?rest_route=%2Fwp%2Fv2%2Fcomments&post=277"}],"version-history":[{"count":118,"href":"http:\/\/osp.slonsk.pl\/index.php?rest_route=\/wp\/v2\/pages\/277\/revisions"}],"predecessor-version":[{"id":4685,"href":"http:\/\/osp.slonsk.pl\/index.php?rest_route=\/wp\/v2\/pages\/277\/revisions\/4685"}],"wp:attachment":[{"href":"http:\/\/osp.slonsk.pl\/index.php?rest_route=%2Fwp%2Fv2%2Fmedia&parent=277"}],"curies":[{"name":"wp","href":"https:\/\/api.w.org\/{rel}","templated":true}]}}